{"id":2952,"date":"2023-06-15T13:56:53","date_gmt":"2023-06-15T13:56:53","guid":{"rendered":"https:\/\/evasarcea.com\/?page_id=2952"},"modified":"2023-08-22T09:10:30","modified_gmt":"2023-08-22T09:10:30","slug":"asociatia-almater-hub","status":"publish","type":"page","link":"https:\/\/evasarcea.com\/en\/asociatia-almater-hub\/","title":{"rendered":"ALMATER HUB ASSOCIATION"},"content":{"rendered":"<div class=\"vc_row wpb_row vc_row-fluid vc_custom_1686837515304\"><div class=\"wpb_column vc_column_container vc_col-sm-12\"><div class=\"vc_column-inner\"><div class=\"wpb_wrapper\"><div class=\"qodef-shortcode qodef-m  qodef-section-title qodef-alignment--left\">\n\t\t\t\t<h3 class=\"qodef-m-title\" >\n\t\t\t\t\tALMATER HUB ASSOCIATION\t\t\t<\/h3>\n\t<\/div><\/div><\/div><\/div><\/div><div class=\"vc_row wpb_row vc_row-fluid\"><div class=\"wpb_column vc_column_container vc_col-sm-12\"><div class=\"vc_column-inner\"><div class=\"wpb_wrapper\">\n\t<div class=\"wpb_text_column wpb_content_element\" >\n\t\t<div class=\"wpb_wrapper\">\n\t\t\t<p>Sunt un vis devenit realitate. Pot fi visul t\u0103u sau al celui de l\u00e2ng\u0103 tine.<br \/>\nSunt aici s\u0103 fiu al\u0103turi de copii, mame singure, b\u0103tr\u00e2ni, tineri \u0219i oameni ai str\u0103zii pentru a-i ghida pas cu pas c\u00e2nd au nevoie.<\/p>\n<p>\u00cempreun\u0103 putem face o schimbare \u0219i am nevoie de tine s\u0103 devin mai puternic.<\/p>\n<p>Sunt Almater Hub, locul unde se nasc z\u00e2mbete.<\/p>\n<p><strong>Obiectivele Asocia\u021biei sunt:<\/strong><\/p>\n<ul>\n<li>promovarea \u0219i ap\u0103rarea intereselor persoanelor de orice v\u00e2rst\u0103, etnie, religie sau statut social aflate \u00eentr-o situa\u021bie defavorizat\u0103 sau dificil\u0103 moral \u0219i\/sau financiar;<\/li>\n<li>cooperarea cu orice alt\u0103 organiza\u021bie, asocia\u021bie sau institu\u021bie public\u0103 sau privat\u0103 pentru \u00eendeplinirea scopului Asocia\u021biei;<\/li>\n<li>organizarea de activit\u0103\u021bi economice, culturale nonprofit pentru asigurarea fondurilor necesare pentru desf\u0103\u0219urarea activit\u0103\u021bii Asocia\u021biei.<\/li>\n<li>Pentru \u00eendeplinirea obiectivelor sale, Asocia\u021bia \u00ee\u015fi propune realizarea urm\u0103toarelor activit\u0103\u021bi:<\/li>\n<li>Acordarea de asisten\u021b\u0103 sau consiliere (consiliere psihologic\u0103 \u0219i psihoterapie) persoanelor aflate \u00eentr-o situa\u021bie de risc (ex.: dependen\u021b\u0103, depresie, doliu etc.), facilitarea comunic\u0103rii cu ace\u0219tia;<\/li>\n<li>Acordarea de sprijin material prin dona\u021bii de \u00eembr\u0103c\u0103minte, m\u00e2ncare, bani, persoanelor aflate \u00eentr-o situa\u021bie defavorizat\u0103 (colectarea la nivel local sau na\u021bional de diferite ajutoare \u00een func\u021bie de nevoile sau situa\u021biile concrete ale unei persoane sau grup de persoane);<\/li>\n<li>Realizarea unor materiale informative (ex.: pliante, filmule\u021be) pentru promovarea unei situa\u021bii defavorizate a unei persoane sau grup de persoane, \u00een vederea sensibiliz\u0103rii popula\u021biei sau autorit\u0103\u021bilor competente locale sau na\u021bionale pentru g\u0103sirea unor solu\u021bii prompte \u0219i eficiente;<\/li>\n<li>Colaborarea cu autorit\u0103\u021bi locale sau na\u021bionale sau alte institu\u021bii publice (Biserica) sau private (ONG-uri) \u00een vederea integr\u0103rii \u0219i sus\u021binerii unor persoane sau grup de persoane aflate \u00eentr-o situa\u021bie de risc sau defavorizate (\u00eendeosebi din mediul rural);<\/li>\n<li>Colaborarea cu institu\u021bii ale statului care se ocup\u0103 de ocrotirea \u0219i educa\u021bia copiilor \u0219i a familiilor aflate \u00een situa\u021bii defavorizate (ex.: s\u0103r\u0103cie, mame singure, boal\u0103, abandon \u0219colar, persoane v\u00e2rstnice lipsite de sprijin etc.) \u00een vederea g\u0103sirii unor programe sau activit\u0103\u021bi de consiliere ori sprijinire a acestora;<\/li>\n<li>Sprijinirea, consilierea \u0219i integrarea \u00een c\u00e2mpul muncii \u0219i \u00een societate a copiilor abandona\u021bi sau orfani care au dep\u0103\u0219it v\u00e2rsta legal\u0103 pentru a fi \u00eencadra\u021bi \u00een c\u0103mine sau orfelinate;<\/li>\n<li>Organizarea de tabere pentru copiii proveni\u021bi din medii s\u0103race sau pentru copiii abandona\u021bi\/orfani \u00een vederea \u00eencuraj\u0103rii unei dezvolt\u0103ri culturale \u0219i intelectuale (ex.: vizite la muzee, excursii \u00een localit\u0103\u021bi de importan\u021b\u0103 cultural\u0103, etc.);<\/li>\n<li>Organizarea de activit\u0103\u021bi sportive \u0219i culturale pentru copiii proveni\u021bi din medii s\u0103race sau pentru copii orfani ori abandona\u021bi;<\/li>\n<li>Acordarea de sprijin financiar persoanelor cu probleme financiare, cu predilec\u021bie celor v\u00e2rstnice pentru plata investiga\u021biilor medicale, medicamentelor, dispozitivelor medicale, suplimentelor alimentare, alimentelor, transportului \u0219i altele (\u00een func\u021bie de posibilit\u0103\u021bile asocia\u021biei);<\/li>\n<\/ul>\n\n\t\t<\/div>\n\t<\/div>\n<\/div><\/div><\/div><\/div><div class=\"vc_row wpb_row vc_row-fluid\"><div class=\"wpb_column vc_column_container vc_col-sm-12\"><div class=\"vc_column-inner\"><div class=\"wpb_wrapper\">\n\t<div  class=\"wpb_single_image wpb_content_element vc_align_center\">\n\t\t\n\t\t<figure class=\"wpb_wrapper vc_figure\">\n\t\t\t<div class=\"vc_single_image-wrapper   vc_box_border_grey\"><img loading=\"lazy\" decoding=\"async\" width=\"1926\" height=\"1032\" src=\"https:\/\/evasarcea.com\/wp-content\/uploads\/2023\/06\/Proiect-ASOCIATIA-ALMATER-HUB-evasarcea.jpg\" class=\"vc_single_image-img attachment-full\" alt=\"\" title=\"Proiect ASOCIA\u021aIA ALMATER HUB - evasarcea\" srcset=\"https:\/\/evasarcea.com\/wp-content\/uploads\/2023\/06\/Proiect-ASOCIATIA-ALMATER-HUB-evasarcea.jpg 1926w, https:\/\/evasarcea.com\/wp-content\/uploads\/2023\/06\/Proiect-ASOCIATIA-ALMATER-HUB-evasarcea-300x161.jpg 300w, https:\/\/evasarcea.com\/wp-content\/uploads\/2023\/06\/Proiect-ASOCIATIA-ALMATER-HUB-evasarcea-1024x549.jpg 1024w, https:\/\/evasarcea.com\/wp-content\/uploads\/2023\/06\/Proiect-ASOCIATIA-ALMATER-HUB-evasarcea-768x412.jpg 768w, https:\/\/evasarcea.com\/wp-content\/uploads\/2023\/06\/Proiect-ASOCIATIA-ALMATER-HUB-evasarcea-1536x823.jpg 1536w, https:\/\/evasarcea.com\/wp-content\/uploads\/2023\/06\/Proiect-ASOCIATIA-ALMATER-HUB-evasarcea-18x10.jpg 18w\" sizes=\"(max-width: 1926px) 100vw, 1926px\" \/><\/div>\n\t\t<\/figure>\n\t<\/div>\n<\/div><\/div><\/div><\/div>","protected":false},"excerpt":{"rendered":"ASOCIA\u021aIA ALMATER HUB Sunt un vis devenit realitate. Pot fi visul t\u0103u sau al celui de l\u00e2ng\u0103 tine. Sunt aici s\u0103 fiu al\u0103turi de copii, mame singure, b\u0103tr\u00e2ni, tineri \u0219i oameni ai str\u0103zii pentru a-i ghida pas cu pas c\u00e2nd au nevoie. \u00cempreun\u0103 putem face o schimbare \u0219i am nevoie de tine s\u0103 devin mai [...]","protected":false},"author":1,"featured_media":2702,"parent":0,"menu_order":0,"comment_status":"closed","ping_status":"closed","template":"","meta":{"cybocfi_hide_featured_image":"","footnotes":""},"aioseo_notices":[],"_links":{"self":[{"href":"https:\/\/evasarcea.com\/en\/wp-json\/wp\/v2\/pages\/2952"}],"collection":[{"href":"https:\/\/evasarcea.com\/en\/wp-json\/wp\/v2\/pages"}],"about":[{"href":"https:\/\/evasarcea.com\/en\/wp-json\/wp\/v2\/types\/page"}],"author":[{"embeddable":true,"href":"https:\/\/evasarcea.com\/en\/wp-json\/wp\/v2\/users\/1"}],"replies":[{"embeddable":true,"href":"https:\/\/evasarcea.com\/en\/wp-json\/wp\/v2\/comments?post=2952"}],"version-history":[{"count":5,"href":"https:\/\/evasarcea.com\/en\/wp-json\/wp\/v2\/pages\/2952\/revisions"}],"predecessor-version":[{"id":2955,"href":"https:\/\/evasarcea.com\/en\/wp-json\/wp\/v2\/pages\/2952\/revisions\/2955"}],"wp:featuredmedia":[{"embeddable":true,"href":"https:\/\/evasarcea.com\/en\/wp-json\/wp\/v2\/media\/2702"}],"wp:attachment":[{"href":"https:\/\/evasarcea.com\/en\/wp-json\/wp\/v2\/media?parent=2952"}],"curies":[{"name":"wp","href":"https:\/\/api.w.org\/{rel}","templated":true}]}}